{"id":3548,"date":"2026-01-21T08:48:40","date_gmt":"2026-01-21T07:48:40","guid":{"rendered":"https:\/\/www.r-neumayer.de\/aktuelles\/neumayer-soutient-lengagement-benevole-de-ses-employes\/"},"modified":"2026-01-21T17:27:58","modified_gmt":"2026-01-21T16:27:58","slug":"neumayer-soutient-lengagement-benevole-de-ses-employes","status":"publish","type":"aktuelles","link":"https:\/\/www.r-neumayer.de\/fr\/aktuelles\/neumayer-soutient-lengagement-benevole-de-ses-employes\/","title":{"rendered":"NEUMAYER soutient l\u2019engagement b\u00e9n\u00e9vole de ses employ\u00e9s"},"content":{"rendered":"<p>La coh\u00e9sion sociale se cr\u00e9e l\u00e0 o\u00f9 les gens assument la responsabilit\u00e9 les uns des autres. Cet engagement est particuli\u00e8rement indispensable dans la protection civile, par exemple chez les pompiers, les services de secours ou les organisations humanitaires. Il est donc d\u2019autant plus important que l\u2019engagement b\u00e9n\u00e9vole et la vie professionnelle soient compatibles.  <\/p>\n<p>En 2024, la soci\u00e9t\u00e9 Richard Neumayer GmbH a \u00e9t\u00e9 distingu\u00e9e par le Land de Bade-Wurtemberg en tant qu\u2019employeur favorable au b\u00e9n\u00e9volat dans le domaine de la protection civile. Avec cette distinction, le Land r\u00e9compense les entreprises qui soutiennent activement leurs employ\u00e9s dans leur engagement b\u00e9n\u00e9vole, par exemple par des cong\u00e9s flexibles lors d\u2019interventions ou par le soutien de formations initiales et continues. Le vice-ministre-pr\u00e9sident et ministre de l\u2019Int\u00e9rieur, Thomas Strobl, a soulign\u00e9 lors de la remise des prix que le b\u00e9n\u00e9volat et l\u2019\u00e9conomie vont de pair. Sans engagement volontaire, il n\u2019y aurait pas d\u2019\u00c9tat possible, notamment dans le domaine de la protection civile. Des valeurs telles que la coh\u00e9sion, la fiabilit\u00e9 et l\u2019esprit d\u2019\u00e9quipe sont le fondement d\u2019une soci\u00e9t\u00e9 qui fonctionne \u2013 et ce sont pr\u00e9cis\u00e9ment ces valeurs qui sont v\u00e9cues au quotidien dans le b\u00e9n\u00e9volat.    <\/p>\n<p><img loading=\"lazy\" decoding=\"async\" style=\"width: 100%; height: auto !important;\" src=\"https:\/\/www.r-neumayer.de\/wp-content\/uploads\/2026\/01\/NEUMAYER_Blog_Content_Jan_woehrle-2.png\" alt=\"\" width=\"925\" height=\"521\"><\/p>\n<p>Pour Neumayer, le soutien \u00e0 l\u2019engagement b\u00e9n\u00e9vole va de soi. Le directeur Thomas Armbruster conna\u00eet l\u2019engagement par sa propre exp\u00e9rience&nbsp;: en tant qu\u2019ancien membre des pompiers volontaires, il sait quelle contribution les services de secours et d\u2019aide apportent \u00e0 la s\u00e9curit\u00e9 de notre soci\u00e9t\u00e9 \u2013 pour les entreprises comme pour les familles. <\/p>\n<p>La devise des pompiers \u00ab&nbsp;Sauver \u2013 \u00c9teindre \u2013 D\u00e9gager \u2013 Prot\u00e9ger&nbsp;\u00bb r\u00e9sume parfaitement cette responsabilit\u00e9. Quiconque est pr\u00eat \u00e0 assumer cette t\u00e2che m\u00e9rite d\u2019\u00eatre soutenu. Le b\u00e9n\u00e9volat renforce la communaut\u00e9 \u2013 et rend notre soci\u00e9t\u00e9 globalement plus r\u00e9sistante.  <\/p>\n<p><strong><br \/>\nComment nous soutenons nos employ\u00e9s<\/strong><\/p>\n<p>Les employ\u00e9s qui s\u2019engagent dans la protection civile sont lib\u00e9r\u00e9s pour les interventions. Le manque \u00e0 gagner l\u00e9galement r\u00e9glement\u00e9 leur est cr\u00e9dit\u00e9. Pour les formations initiales et continues dans le b\u00e9n\u00e9volat (\u00e9galement dans des domaines tels que le sport, la musique, la culture, etc.), nous accordons en r\u00e8gle g\u00e9n\u00e9rale un cong\u00e9 de formation.  <\/p>\n<p>De plus, il existe des activit\u00e9s communautaires. Les exercices d\u2019incendie sur le site de l\u2019usine ou la participation de nos apprentis au World Clean Up Day \u00e0 Hausach sont des exemples de la mani\u00e8re dont l\u2019engagement est v\u00e9cu en \u00e9quipe. <\/p>\n<p>La direction s\u2019implique \u00e9galement&nbsp;: Dirk&nbsp;A.&nbsp;Neumayer est ainsi engag\u00e9 dans l\u2019association industrielle Massivumformung, en tant que conseiller au wvib Schwarzwald et au sein du comit\u00e9 directeur du Hausacher LeseLenz. Thomas Armbruster est conseiller au sein de l\u2019association industrielle Massivumformung et a lui-m\u00eame \u00e9t\u00e9 membre actif des pompiers volontaires pendant dix&nbsp;ans. <\/p>\n<p><strong><br \/>\nTrois b\u00e9n\u00e9voles en portrait<\/strong><\/p>\n<p><em>Jochen Roser \u2013 Concierge<\/em><\/p>\n<p>Jochen Roser s\u2019engage depuis de nombreuses ann\u00e9es dans la protection civile \u2013 au niveau local, r\u00e9gional et international. Depuis 2007, il est membre actif des pompiers de Zell am Harmersbach et, depuis 2023, \u00e9galement des jeunes sapeurs-pompiers. En tant que \u00ab&nbsp;pompier invit\u00e9&nbsp;\u00bb, il soutient \u00e9galement les pompiers de Hausach. De plus, il est actif depuis 2020 dans la protection civile internationale de @fire, avec pour priorit\u00e9s la lutte contre les incendies de v\u00e9g\u00e9tation et le sauvetage de personnes ensevelies.   <\/p>\n<p>Sa motivation est de pouvoir aider lorsque d\u2019autres sont en d\u00e9tresse. S\u2019y ajoute le souhait de se perfectionner sur le plan professionnel et de relever sans cesse de nouveaux d\u00e9fis. Car les interventions sont vari\u00e9es. Elles vont de l\u2019intervention classique des pompiers lors d\u2019accidents de la circulation ou d\u2019incendies aux situations de catastrophes \u00e0 grande \u00e9chelle dans le pays et \u00e0 l\u2019\u00e9tranger, qui peuvent durer des jours ou des semaines.   <\/p>\n<p>L\u2019intervention lors de l\u2019incendie de for\u00eat en Suisse saxonne en 2022, au cours de laquelle les forces d\u2019intervention ont lutt\u00e9 pendant quatre jours contre le feu avec les outils artisanaux les plus simples, l\u2019a particuli\u00e8rement marqu\u00e9. Il a \u00e9t\u00e9 tr\u00e8s touch\u00e9 par le grand soutien de la population, qui s\u2019est manifest\u00e9 jusqu\u2019\u00e0 des banderoles de remerciement dans les stades de football. <\/p>\n<p>L\u2019organisation de la vie professionnelle et du b\u00e9n\u00e9volat exige beaucoup de coordination. Une communication ouverte au sein de l\u2019entreprise est donc d\u2019autant plus importante pour lui. Les comp\u00e9tences acquises dans le b\u00e9n\u00e9volat \u2013 travail d\u2019\u00e9quipe, sens des responsabilit\u00e9s, r\u00e9sistance et communication claire \u2013 ont \u00e9galement un effet positif sur le quotidien professionnel. Inversement, il apporte sa compr\u00e9hension technique et sa m\u00e9thode de travail structur\u00e9e du m\u00e9tier dans le travail d\u2019intervention.   <\/p>\n<p><img loading=\"lazy\" decoding=\"async\" style=\"width: 100%; height: auto !important;\" src=\"https:\/\/www.r-neumayer.de\/wp-content\/uploads\/2026\/01\/NEUMAYER_Blog_Content_Jan_roser-1024x576.png\" alt=\"\" width=\"1024\" height=\"576\"><\/p>\n<p><em>Sandra W\u00f6hrle \u2013 Comptabilit\u00e9 financi\u00e8re<\/em><\/p>\n<p>Sandra W\u00f6hrle a \u00e9t\u00e9 juge assesseur aupr\u00e8s du tribunal pour enfants d\u2019Offenbourg de 2019 \u00e0 2023 et est juge assesseur aupr\u00e8s du tribunal de district d\u2019Offenbourg depuis 2024. Sa motivation pour ce b\u00e9n\u00e9volat est empreinte d\u2019int\u00e9r\u00eat et de sens des responsabilit\u00e9s. Elle souhaite comprendre pourquoi les tribunaux, les juges prennent des d\u00e9cisions telles qu\u2019elles sont prises \u2013 m\u00eame si elles ne correspondent pas \u00e0 son propre instinct. \u00ab&nbsp;Il s\u2019agit de classer les faits, de tenir compte des diff\u00e9rents points de vue et de prendre des d\u00e9cisions sur une base solide&nbsp;\u00bb, dit-elle. Elle se souvient particuli\u00e8rement d\u2019une affaire de son \u00e9poque en tant que juge assesseur pour enfants&nbsp;: un jeune d\u00e9linquant qui, d\u00e9j\u00e0 \u00e0 l\u2019\u00e2ge de onze&nbsp;ans, \u00e9tait seul pendant des jours, sans \u00eatre soutenu par son environnement familial. Cette exp\u00e9rience lui a montr\u00e9 \u00e0 quel point les situations de vie peuvent \u00eatre complexes et qu\u2019il y a souvent une longue histoire derri\u00e8re un acte.     <\/p>\n<p>De son b\u00e9n\u00e9volat, elle retient de ne pas juger trop vite, d\u2019examiner les faits sous diff\u00e9rents angles et d\u2019\u00e9valuer les d\u00e9cisions de mani\u00e8re diff\u00e9renci\u00e9e. Cela marque \u00e9galement son quotidien professionnel. <\/p>\n<p><img loading=\"lazy\" decoding=\"async\" style=\"width: 100%; height: auto !important;\" src=\"https:\/\/www.r-neumayer.de\/wp-content\/uploads\/2026\/01\/NEUMAYER_Blog_Content_Jan_woehrle-1-1024x576.png\" alt=\"\" width=\"1024\" height=\"576\"><\/p>\n<p><em>Thimo Letzeisen \u2013 Direction de la logistique op\u00e9rationnelle<\/em><\/p>\n<p>Thimo Letzeisen est engag\u00e9 depuis 2003 aupr\u00e8s de la Croix-Rouge allemande. Pour lui, le b\u00e9n\u00e9volat est plus qu\u2019un simple \u00e9quilibre. C\u2019est un hobby qui a du sens et qui contribue \u00e0 une meilleure entente. \u00ab&nbsp;Il est important pour moi de pouvoir aider les gens quand ils ne vont pas bien&nbsp;\u00bb, dit-il. La plupart des services et des exercices ont lieu pendant les loisirs. Lors des interventions, il \u00e9value soigneusement s\u2019il peut y participer.     <\/p>\n<p>L\u2019intervention lors de la catastrophe des inondations dans l\u2019Ahrtal l\u2019a particuli\u00e8rement marqu\u00e9. La destruction sur place lui a fait prendre conscience de mani\u00e8re impressionnante de la rapidit\u00e9 avec laquelle des choses apparemment \u00e9videntes peuvent \u00eatre perdues \u2013 eau potable, \u00e9lectricit\u00e9, un toit au-dessus de la t\u00eate \u2013 et de l\u2019importance de l\u2019humanit\u00e9 dans de telles situations. Cette exp\u00e9rience a durablement chang\u00e9 son regard sur beaucoup de choses.  <\/p>\n<p>Les comp\u00e9tences acquises dans le b\u00e9n\u00e9volat l\u2019accompagnent \u00e9galement dans sa vie professionnelle. Il dispose d\u2019un esprit d\u2019\u00e9quipe, d\u2019un sens des responsabilit\u00e9s et d\u2019une sensibilit\u00e9 prononc\u00e9e pour les situations o\u00f9 il est important d\u2019agir rapidement et avec prudence. Inversement, il apporte ses comp\u00e9tences organisationnelles du m\u00e9tier dans le travail b\u00e9n\u00e9vole. Pour lui, il est clair que les deux domaines profitent l\u2019un de l\u2019autre.   <\/p>\n<p><img loading=\"lazy\" decoding=\"async\" style=\"width: 100%; height: auto !important;\" src=\"https:\/\/www.r-neumayer.de\/wp-content\/uploads\/2026\/01\/r-neumayer-1024x578.png\" alt=\"\" width=\"1024\" height=\"578\"><\/p>\n<p><strong><br \/>\nB\u00e9n\u00e9volat et profession&nbsp;: une connexion forte<\/strong><\/p>\n<p>Que ce soit chez les pompiers, au tribunal, dans les services de secours, dans les associations sportives, musicales ou artistiques&nbsp;: l\u2019engagement b\u00e9n\u00e9vole favorise des comp\u00e9tences qui sont \u00e9galement d\u2019une importance capitale dans la vie professionnelle. Il s\u2019agit notamment du sens des responsabilit\u00e9s, de la capacit\u00e9 de d\u00e9cision, de la r\u00e9sistance, de la capacit\u00e9 de communication et de l\u2019esprit d\u2019\u00e9quipe. Dans le m\u00eame temps, les b\u00e9n\u00e9voles profitent du savoir-faire technique, de l\u2019exp\u00e9rience organisationnelle et du sens de la s\u00e9curit\u00e9 acquis dans l\u2019activit\u00e9 professionnelle. Les employ\u00e9s qui assument des responsabilit\u00e9s ne renforcent donc pas seulement la soci\u00e9t\u00e9, mais aussi l\u2019entreprise. C\u2019est pourquoi nous soutenons cet engagement par conviction.    <\/p>\n","protected":false},"featured_media":3549,"template":"","class_list":["post-3548","aktuelles","type-aktuelles","status-publish","has-post-thumbnail","hentry"],"acf":[],"_links":{"self":[{"href":"https:\/\/www.r-neumayer.de\/fr\/wp-json\/wp\/v2\/aktuelles\/3548","targetHints":{"allow":["GET"]}}],"collection":[{"href":"https:\/\/www.r-neumayer.de\/fr\/wp-json\/wp\/v2\/aktuelles"}],"about":[{"href":"https:\/\/www.r-neumayer.de\/fr\/wp-json\/wp\/v2\/types\/aktuelles"}],"wp:featuredmedia":[{"embeddable":true,"href":"https:\/\/www.r-neumayer.de\/fr\/wp-json\/wp\/v2\/media\/3549"}],"wp:attachment":[{"href":"https:\/\/www.r-neumayer.de\/fr\/wp-json\/wp\/v2\/media?parent=3548"}],"curies":[{"name":"wp","href":"https:\/\/api.w.org\/{rel}","templated":true}]}}