{"id":3408,"date":"2025-09-29T10:00:52","date_gmt":"2025-09-29T08:00:52","guid":{"rendered":"https:\/\/www.r-neumayer.de\/aktuelles\/bilan-co%e2%82%82-transparent-un-apercu-de-notre-strategie-climatique\/"},"modified":"2025-09-25T17:36:21","modified_gmt":"2025-09-25T15:36:21","slug":"bilan-co%e2%82%82-transparent-un-apercu-de-notre-strategie-climatique","status":"publish","type":"aktuelles","link":"https:\/\/www.r-neumayer.de\/fr\/aktuelles\/bilan-co%e2%82%82-transparent-un-apercu-de-notre-strategie-climatique\/","title":{"rendered":"Bilan CO\u2082 transparent : un aper\u00e7u de notre strat\u00e9gie climatique"},"content":{"rendered":"<p>La soci\u00e9t\u00e9 Richard Neumayer GmbH a de nouveau \u00e9t\u00e9 nomin\u00e9e pour le Prix allemand du d\u00e9veloppement durable dans la cat\u00e9gorie \u00ab&nbsp;Transformation des m\u00e9taux et des min\u00e9raux&nbsp;\u00bb. Ce prix r\u00e9compense les entreprises qui contribuent \u00e0 fa\u00e7onner la transformation de l&rsquo;industrie et qui osent emprunter de nouvelles voies. Pour nous, cette nomination est une distinction et une preuve que nous sommes sur la bonne voie&nbsp;: depuis 2018, nous avons r\u00e9duit de plus de 90&nbsp;% notre empreinte CO\u2082 directe dans les domaines&nbsp;1 et&nbsp;2, ce qui nous rend quasiment neutres en CO2 dans notre propre sph\u00e8re d&rsquo;influence.  <\/p>\n<p><b>Mais que se cache-t-il derri\u00e8re ces chiffres&nbsp;?<\/b><\/p>\n<p>La base est un bilan CO\u2082 transparent qui va bien au-del\u00e0 de la simple collecte de donn\u00e9es \u00e9nerg\u00e9tiques. \u00ab&nbsp;Gr\u00e2ce \u00e0 des innovations et \u00e0 des investissements, nous avons d\u00e9j\u00e0 r\u00e9duit notre empreinte CO\u2082e dans les scopes&nbsp;1 et&nbsp;2 de plus de 90&nbsp;%, ce qui nous place en position de leader dans le domaine de la durabilit\u00e9&nbsp;\u00bb, explique Dirk&nbsp;A.&nbsp;Neumayer, propri\u00e9taire et directeur g\u00e9n\u00e9ral. Le principal levier se situe donc dans le scope&nbsp;3, c&rsquo;est-\u00e0-dire les \u00e9missions g\u00e9n\u00e9r\u00e9es dans la cha\u00eene de valeur en amont et en aval.  <\/p>\n<p>La collecte de donn\u00e9es pour ce bilan est complexe et exige de la pr\u00e9cision. Elle repose sur des informations provenant de nombreuses sources, notamment la consommation d&rsquo;\u00e9nergie dans nos halls de production, les donn\u00e9es des fournisseurs, les itin\u00e9raires de transport et les flux de recyclage. Ce faisant, nous nous orientons sur les normes de la Science Based Targets Initiative (SBTi), qui a valid\u00e9 nos objectifs climatiques. Ce processus est long, mais il nous montre tr\u00e8s clairement o\u00f9 nous en sommes et o\u00f9 nous devons agir.   <\/p>\n<p><b>Progr\u00e8s gr\u00e2ce aux \u00e9nergies renouvelables et aux nouvelles technologies<\/b><\/p>\n<p>Les progr\u00e8s r\u00e9alis\u00e9s dans les scopes&nbsp;1 et&nbsp;2 n&rsquo;ont \u00e9t\u00e9 possibles que parce que nous misons syst\u00e9matiquement sur les \u00e9nergies renouvelables et les nouvelles technologies. Ainsi, les traitements thermiques sont aujourd&rsquo;hui effectu\u00e9s, dans la mesure du possible, \u00e0 partir de la chaleur de forge et non plus au gaz. Sur les toits de nos halls, nous produisons de l&rsquo;\u00e9lectricit\u00e9 solaire&nbsp;; nous achetons de l&rsquo;\u00e9lectricit\u00e9 verte suppl\u00e9mentaire par le biais de contrats d&rsquo;achat d&rsquo;\u00e9lectricit\u00e9. Parall\u00e8lement, nous investissons dans des installations plus efficaces, nous utilisons la r\u00e9cup\u00e9ration de chaleur et nous avons organis\u00e9 nos processus de mani\u00e8re \u00e0 ne pas gaspiller d&rsquo;\u00e9nergie inutilement.   <span class=\"Apple-converted-space\"> <\/span><\/p>\n<p><b>Le prochain d\u00e9fi&nbsp;: le scope&nbsp;3<\/b><\/p>\n<p>Dans le scope&nbsp;3, les d\u00e9fis sont importants. C&rsquo;est pr\u00e9cis\u00e9ment l\u00e0 que nous intervenons. Aujourd&rsquo;hui d\u00e9j\u00e0, nous pouvons utiliser de l&rsquo;acier \u00e9lectrique issu d&rsquo;\u00e9nergies renouvelables, proposer des alternatives \u00e0 faible \u00e9mission de CO\u2082 et informer nos clients des effets du choix des mat\u00e9riaux sur le produit final. \u00ab&nbsp;La durabilit\u00e9 dans l&rsquo;ensemble de la cha\u00eene d&rsquo;approvisionnement signifie pour nous que, par exemple, un v\u00e9hicule n&rsquo;est pas seulement \u00e9cologique lors de son utilisation, mais qu&rsquo;il l&rsquo;est d\u00e9j\u00e0 lors de sa cr\u00e9ation&nbsp;\u00bb, explique Dirk&nbsp;A.&nbsp;Neumayer.   <\/p>\n<p>La transparence joue un r\u00f4le d\u00e9cisif \u00e0 cet \u00e9gard. Un bilan CO\u2082 fiable cr\u00e9e de la cr\u00e9dibilit\u00e9 \u2013 aupr\u00e8s des clients, des entreprises partenaires et de tous ceux qui accompagnent notre travail. Il est en m\u00eame temps un outil pour prendre de meilleures d\u00e9cisions au sein de l&rsquo;entreprise. Quel investissement permet d&rsquo;\u00e9conomiser des \u00e9missions \u00e0 long terme&nbsp;? O\u00f9 l&rsquo;utilisation de nouveaux mat\u00e9riaux est-elle rentable&nbsp;? Quels processus peuvent encore \u00eatre rendus plus efficaces&nbsp;?     <\/p>\n<p>Notre objectif est clair&nbsp;: nous voulons atteindre le z\u00e9ro net d&rsquo;ici&nbsp;2050. La voie \u00e0 suivre est ambitieuse, mais r\u00e9alisable \u2013 \u00e9tape par \u00e9tape, avec des chiffres transparents et la volont\u00e9 d&rsquo;une am\u00e9lioration continue. La nomination pour le Prix allemand du d\u00e9veloppement durable est une confirmation de nos efforts pass\u00e9s. Mais il est encore plus important pour nous de montrer que les bilans CO\u2082 transparents ne sont pas un simple exercice fastidieux, mais la cl\u00e9 pour faire progresser la protection du climat de mani\u00e8re efficace et cr\u00e9dible.   <\/p>\n","protected":false},"featured_media":3405,"template":"","class_list":["post-3408","aktuelles","type-aktuelles","status-publish","has-post-thumbnail","hentry"],"acf":[],"_links":{"self":[{"href":"https:\/\/www.r-neumayer.de\/fr\/wp-json\/wp\/v2\/aktuelles\/3408","targetHints":{"allow":["GET"]}}],"collection":[{"href":"https:\/\/www.r-neumayer.de\/fr\/wp-json\/wp\/v2\/aktuelles"}],"about":[{"href":"https:\/\/www.r-neumayer.de\/fr\/wp-json\/wp\/v2\/types\/aktuelles"}],"wp:featuredmedia":[{"embeddable":true,"href":"https:\/\/www.r-neumayer.de\/fr\/wp-json\/wp\/v2\/media\/3405"}],"wp:attachment":[{"href":"https:\/\/www.r-neumayer.de\/fr\/wp-json\/wp\/v2\/media?parent=3408"}],"curies":[{"name":"wp","href":"https:\/\/api.w.org\/{rel}","templated":true}]}}